{"id":6,"date":"2021-01-25T18:43:39","date_gmt":"2021-01-25T18:43:39","guid":{"rendered":"http:\/\/tbmontage.de\/?page_id=6"},"modified":"2026-04-19T08:04:53","modified_gmt":"2026-04-19T08:04:53","slug":"willkommen","status":"publish","type":"page","link":"https:\/\/berghof-alpenblick.de\/","title":{"rendered":"Willkommen"},"content":{"rendered":"\n<h3><strong>Herzlich willkommen im Berghof- Pension Alpenblick.<\/strong><\/h3>\n\n\n\n<h3><strong>Wir liegen in 900 m H\u00f6he und bieten Ihnen einen fantastischen Blick \u00fcber den Niedersonthofner See und die Allg\u00e4uer Alpen.<\/strong><\/h3>\n\n\n\n<h3><strong>Wir haben unseren Traum vom Wintergarten verwirklicht und freuen uns Sie als G\u00e4ste im neuen &#8220;noch mehr Alpenblick&#8221; begr\u00fc\u00dfen zu d\u00fcrfen &#8211; egal ob Sie nur einen Ausflug zu uns planen, um die herrliche Aussicht zu genie\u00dfen&nbsp; oder in einem unserer komfortablen G\u00e4stezimmer Ihren Urlaub&nbsp;erleben m\u00f6chten.<\/strong><\/h3>\n\n\n\n<h3><strong>Sie k\u00f6nnen jetzt bei jedem Wetter im &#8220;Garten&#8221; sitzen und unsere herrliche Aussicht bis zum Hochgrat genie\u00dfen.<\/strong><\/h3>\n\n\n\n<p><\/p>\n\n\n\n<p class=\"has-text-align-center has-large-font-size\"><strong> Sonnenterasse ge\u00f6ffnet!!<\/strong><\/p>\n\n\n\n<p class=\"has-large-font-size\"><strong>Sonntag 19.04.2026 ab 15.00 Uhr geschlossene Gesellschaft\u00a0<\/strong><\/p>\n\n\n\n<p class=\"has-text-align-center\" style=\"font-size:35px\"><strong>auf unserer Sonnenterasse sind keine reservierungen m\u00f6glich<\/strong>!<\/p>\n\n\n\n<p class=\"has-text-align-center has-large-font-size\"><strong>wir suchen Verst\u00e4rkung in K\u00fcche&amp;Service M\/W\/D Vollzeit oder Teilzeit!! <\/strong><\/p>\n\n\n\n<p class=\"has-text-align-center has-secondary-color has-text-color has-medium-font-size\"><strong>Tisch reservierung  unter 08379 7409<\/strong> <\/p>\n\n\n\n<p class=\"has-text-align-center has-large-font-size\"><strong>Jeden Freitag K\u00e4s\u00b4sp\u00e4tzle mit abgeschmelzten Zwiebeln und gr\u00fcnem Salat<\/strong> <\/p>\n\n\n\n<p class=\"has-text-align-center has-large-font-size\"><strong>\u00d6ffnungszeiten:<\/strong><\/p>\n\n\n\n<p class=\"has-large-font-size\"><strong>Warme K\u00fcche von 11.30- 20.00 Uhr<\/strong><\/p>\n\n\n\n<p><\/p>\n\n\n\n<p class=\"has-text-align-center has-large-font-size\"><strong>von 08.06.2026 &#8211; 17.06.2026 Betriebsurlaub<\/strong><\/p>\n\n\n\n<p><\/p>\n\n\n\n<p><\/p>\n\n\n\n<p class=\"has-text-align-center has-large-font-size\">ge\u00f6ffnet <strong>Donnerstag bis Montag 11.00- 21.00 Uhr<\/strong> <\/p>\n\n\n\n<p class=\"has-text-align-center has-large-font-size\"><strong>Dienstag &amp; Mittwoch Ruhetag <\/strong><\/p>\n\n\n\n<script type=\"text\/javascript\">\r\ndocument.addEventListener(\"DOMContentLoaded\", function(event) { \r\n\tjQuery( '#slider-pro-3-319' ).sliderPro({\r\n\t\t\/\/width\r\n\t\t\t\twidth: 1000,\r\n\t\t\t\t\r\n\t\t\/\/height\r\n\t\t\t\theight: 500,\r\n\t\t\t\t\r\n\t\t\/\/autoplay\r\n\t\t\t\tautoplay:  true,\r\n\t\tautoplayOnHover: 'none',\r\n\t\t\t\t\t\t\t\tautoplayDelay: 5000,\r\n\t\t\r\n\t\t\r\n\t\tarrows: true,\r\n\t\tbuttons: true,\r\n\t\tsmallSize: 500,\r\n\t\tmediumSize: 1000,\r\n\t\tlargeSize: 3000,\r\n\t\tfade: true,\r\n\t\t\r\n\t\t\/\/thumbnail\r\n\t\tthumbnailArrows: true,\r\n\t\tthumbnailWidth: 120,\r\n\t\tthumbnailHeight: 120,\r\n\t\t\t\t\t\tthumbnailsPosition: 'bottom',\r\n\t\t\t\t\t\tcenterImage: true,\r\n\t\timageScaleMode: 'cover',\r\n\t\tallowScaleUp: true,\r\n\t\t\t\tstartSlide: 0,\r\n\t\tloop: true,\r\n\t\tslideDistance: 5,\r\n\t\tautoplayDirection: 'normal',\r\n\t\ttouchSwipe: true,\r\n\t\tfullScreen: true,\r\n\t});\r\n});\r\n<\/script>\r\n<style>\r\n\/* Layout 3 *\/\r\n\/* border *\/\r\n#slider-pro-3-319 .sp-selected-thumbnail {\r\n\tborder: 4px solid #000000;\r\n}\r\n\r\n\/* font + color *\/\r\n.title-in  {\r\n\tfont-family: Arial !important;\r\n\tcolor: #FFFFFF !important;\r\n\tbackground-color: #000000 !important;\r\n\topacity: 0.7 !important;\r\n}\r\n.desc-in  {\r\n\tfont-family: Arial !important;\r\n\tcolor: #FFFFFF !important;\r\n\tbackground-color: #00000 !important;\r\n\topacity: 0.7 !important;\r\n}\r\n\r\n\/* bullets color *\/\r\n.sp-button  {\r\n\tborder: 2px solid #000000 !important;\r\n}\r\n.sp-selected-button  {\r\n\tbackground-color: #000000 !important;\r\n}\r\n\r\n\/* pointer color - bottom *\/\r\n.sp-selected-thumbnail::before {\r\n\tborder-bottom: 5px solid #000000 !important;\r\n}\r\n.sp-selected-thumbnail::after {\r\n\tborder-bottom: 13px solid #000000 !important;\r\n}\r\n\r\n\/* pointer color - top *\/\r\n\r\n\/* full screen icon *\/\r\n.sp-full-screen-button::before {\r\n    color: #FFFFFF !important;\r\n}\r\n\r\n\/* hover navigation icon color *\/\r\n.sp-next-arrow::after, .sp-next-arrow::before {\r\n\tbackground-color: #FFFFFF !important;\r\n}\r\n.sp-previous-arrow::after, .sp-previous-arrow::before {\r\n\tbackground-color: #FFFFFF !important;\r\n}\r\n\r\n#slider-pro-3-319 .title-in {\r\n\tcolor: #FFFFFF !important;\r\n\tfont-weight: bolder;\r\n\ttext-align: center;\r\n}\r\n\r\n#slider-pro-3-319 .title-in-bg {\r\n\tbackground: rgba(255, 255, 255, 0.7); !important;\r\n\twhite-space: unset !important;\r\n\tmax-width: 90%;\r\n\tmin-width: 40%;\r\n\ttransform: initial !important;\r\n\t-webkit-transform: initial !important;\r\n\tfont-size: 14px !important;\r\n}\r\n\r\n#slider-pro-3-319 .desc-in {\r\n\tcolor: #FFFFFF !important;\r\n\ttext-align: center;\r\n}\r\n#slider-pro-3-319 .desc-in-bg {\r\n\tbackground: rgba(#00000, 0.7) !important;\r\n\twhite-space: unset !important;\r\n\twidth: 80% !important;\r\n\tmin-width: 30%;\r\n\ttransform: initial !important;\r\n\t-webkit-transform: initial !important;\r\n\tfont-size: 13px !important;\r\n}\r\n\r\n@media (max-width: 640px) {\r\n\t#slider-pro-3-319 .hide-small-screen {\r\n\t\tdisplay: none;\r\n\t}\r\n}\r\n\r\n@media (max-width: 860px) {\r\n\t#slider-pro-3-319 .sp-layer {\r\n\t\tfont-size: 18px;\r\n\t}\r\n\t\r\n\t#slider-pro-3-319 .hide-medium-screen {\r\n\t\tdisplay: none;\r\n\t}\r\n}\r\n.slides-not-found {\r\n\tbackground-color: #a92929;\r\n\tborder-radius: 5px;\r\n\tcolor: #fff;\r\n\tfont-family: initial;\r\n\ttext-align: center;\r\n\tpadding:12px;\r\n}\r\n\/* Custom CSS *\/\r\n<\/style>\r\n<h3 class=\"uris-slider-post-title\">Aussicht<\/h3>\r\n\t\t<div id=\"slider-pro-3-319\" class=\"slider-pro\">\r\n\t\t\t<!---- slides div start ---->\r\n\t\t\t<div class=\"sp-slides\">\r\n\t\t\t\t\t\t\t\t\t\t<div class=\"sp-slide\">\r\n\t\t\t\t\t\t\t<img class=\"sp-image\" alt=\"IMG_1517_1\" src=\"https:\/\/berghof-alpenblick.de\/wp-content\/plugins\/ultimate-responsive-image-slider\/assets\/css\/images\/blank.gif\" data-src=\"https:\/\/berghof-alpenblick.de\/wp-content\/uploads\/2021\/05\/IMG_1517_1.jpg\" \/>\r\n\r\n\t\t\t\t\t\t\t\r\n\t\t\t\t\t\t\t\t\t\t\t\t\t<\/div>\r\n\t\t\t\t\t\t\t\t\t\t\t\t<div class=\"sp-slide\">\r\n\t\t\t\t\t\t\t<img class=\"sp-image\" alt=\"IMG_1453_1\" src=\"https:\/\/berghof-alpenblick.de\/wp-content\/plugins\/ultimate-responsive-image-slider\/assets\/css\/images\/blank.gif\" data-src=\"https:\/\/berghof-alpenblick.de\/wp-content\/uploads\/2021\/05\/IMG_1453_1.jpg\" \/>\r\n\r\n\t\t\t\t\t\t\t\r\n\t\t\t\t\t\t\t\t\t\t\t\t\t<\/div>\r\n\t\t\t\t\t\t\t\t\t\t\t\t<div class=\"sp-slide\">\r\n\t\t\t\t\t\t\t<img class=\"sp-image\" alt=\"IMG_0609_1\" src=\"https:\/\/berghof-alpenblick.de\/wp-content\/plugins\/ultimate-responsive-image-slider\/assets\/css\/images\/blank.gif\" data-src=\"https:\/\/berghof-alpenblick.de\/wp-content\/uploads\/2021\/05\/IMG_0609_1.jpg\" \/>\r\n\r\n\t\t\t\t\t\t\t\r\n\t\t\t\t\t\t\t\t\t\t\t\t\t<\/div>\r\n\t\t\t\t\t\t\t\t\t\t\t\t<div class=\"sp-slide\">\r\n\t\t\t\t\t\t\t<img class=\"sp-image\" alt=\"IMG_0145\" src=\"https:\/\/berghof-alpenblick.de\/wp-content\/plugins\/ultimate-responsive-image-slider\/assets\/css\/images\/blank.gif\" data-src=\"https:\/\/berghof-alpenblick.de\/wp-content\/uploads\/2021\/06\/IMG_0145-scaled.jpg\" \/>\r\n\r\n\t\t\t\t\t\t\t\r\n\t\t\t\t\t\t\t\t\t\t\t\t\t<\/div>\r\n\t\t\t\t\t\t\t\t\t\t\t\t<div class=\"sp-slide\">\r\n\t\t\t\t\t\t\t<img class=\"sp-image\" alt=\"IMG_0181\" src=\"https:\/\/berghof-alpenblick.de\/wp-content\/plugins\/ultimate-responsive-image-slider\/assets\/css\/images\/blank.gif\" data-src=\"https:\/\/berghof-alpenblick.de\/wp-content\/uploads\/2021\/06\/IMG_0181-scaled.jpg\" \/>\r\n\r\n\t\t\t\t\t\t\t\r\n\t\t\t\t\t\t\t\t\t\t\t\t\t<\/div>\r\n\t\t\t\t\t\t\t\t\t\t\t\t<div class=\"sp-slide\">\r\n\t\t\t\t\t\t\t<img class=\"sp-image\" alt=\"IMG_0194\" src=\"https:\/\/berghof-alpenblick.de\/wp-content\/plugins\/ultimate-responsive-image-slider\/assets\/css\/images\/blank.gif\" data-src=\"https:\/\/berghof-alpenblick.de\/wp-content\/uploads\/2021\/06\/IMG_0194-scaled.jpg\" \/>\r\n\r\n\t\t\t\t\t\t\t\r\n\t\t\t\t\t\t\t\t\t\t\t\t\t<\/div>\r\n\t\t\t\t\t\t\t\t\t\t\t\t<div class=\"sp-slide\">\r\n\t\t\t\t\t\t\t<img class=\"sp-image\" alt=\"IMG_0137\" src=\"https:\/\/berghof-alpenblick.de\/wp-content\/plugins\/ultimate-responsive-image-slider\/assets\/css\/images\/blank.gif\" data-src=\"https:\/\/berghof-alpenblick.de\/wp-content\/uploads\/2021\/06\/IMG_0137-scaled.jpg\" \/>\r\n\r\n\t\t\t\t\t\t\t\r\n\t\t\t\t\t\t\t\t\t\t\t\t\t<\/div>\r\n\t\t\t\t\t\t\t\t\t\t\t\t<div class=\"sp-slide\">\r\n\t\t\t\t\t\t\t<img class=\"sp-image\" alt=\"IMG_0143\" src=\"https:\/\/berghof-alpenblick.de\/wp-content\/plugins\/ultimate-responsive-image-slider\/assets\/css\/images\/blank.gif\" data-src=\"https:\/\/berghof-alpenblick.de\/wp-content\/uploads\/2021\/06\/IMG_0143-scaled.jpg\" \/>\r\n\r\n\t\t\t\t\t\t\t\r\n\t\t\t\t\t\t\t\t\t\t\t\t\t<\/div>\r\n\t\t\t\t\t\t\t\t\t\t\t\t<div class=\"sp-slide\">\r\n\t\t\t\t\t\t\t<img class=\"sp-image\" alt=\"IMG_0149\" src=\"https:\/\/berghof-alpenblick.de\/wp-content\/plugins\/ultimate-responsive-image-slider\/assets\/css\/images\/blank.gif\" data-src=\"https:\/\/berghof-alpenblick.de\/wp-content\/uploads\/2021\/06\/IMG_0149-scaled.jpg\" \/>\r\n\r\n\t\t\t\t\t\t\t\r\n\t\t\t\t\t\t\t\t\t\t\t\t\t<\/div>\r\n\t\t\t\t\t\t\t\t\t\t\t\t<div class=\"sp-slide\">\r\n\t\t\t\t\t\t\t<img class=\"sp-image\" alt=\"IMG_0146\" src=\"https:\/\/berghof-alpenblick.de\/wp-content\/plugins\/ultimate-responsive-image-slider\/assets\/css\/images\/blank.gif\" data-src=\"https:\/\/berghof-alpenblick.de\/wp-content\/uploads\/2021\/06\/IMG_0146-scaled.jpg\" \/>\r\n\r\n\t\t\t\t\t\t\t\r\n\t\t\t\t\t\t\t\t\t\t\t\t\t<\/div>\r\n\t\t\t\t\t\t\t\t\t\t\t\t<div class=\"sp-slide\">\r\n\t\t\t\t\t\t\t<img class=\"sp-image\" alt=\"IMG_2700\" src=\"https:\/\/berghof-alpenblick.de\/wp-content\/plugins\/ultimate-responsive-image-slider\/assets\/css\/images\/blank.gif\" data-src=\"https:\/\/berghof-alpenblick.de\/wp-content\/uploads\/2021\/06\/IMG_2700-scaled.jpg\" \/>\r\n\r\n\t\t\t\t\t\t\t\r\n\t\t\t\t\t\t\t\t\t\t\t\t\t<\/div>\r\n\t\t\t\t\t\t\t\t\t\t\t\t<div class=\"sp-slide\">\r\n\t\t\t\t\t\t\t<img class=\"sp-image\" alt=\"IMG_2657\" src=\"https:\/\/berghof-alpenblick.de\/wp-content\/plugins\/ultimate-responsive-image-slider\/assets\/css\/images\/blank.gif\" data-src=\"https:\/\/berghof-alpenblick.de\/wp-content\/uploads\/2021\/06\/IMG_2657-scaled.jpg\" \/>\r\n\r\n\t\t\t\t\t\t\t\r\n\t\t\t\t\t\t\t\t\t\t\t\t\t<\/div>\r\n\t\t\t\t\t\t\t\t\t\t\t\t<div class=\"sp-slide\">\r\n\t\t\t\t\t\t\t<img class=\"sp-image\" alt=\"IMG_2723\" src=\"https:\/\/berghof-alpenblick.de\/wp-content\/plugins\/ultimate-responsive-image-slider\/assets\/css\/images\/blank.gif\" data-src=\"https:\/\/berghof-alpenblick.de\/wp-content\/uploads\/2021\/06\/IMG_2723-scaled.jpg\" \/>\r\n\r\n\t\t\t\t\t\t\t\r\n\t\t\t\t\t\t\t\t\t\t\t\t\t<\/div>\r\n\t\t\t\t\t\t\t\t\t\t\t\t<div class=\"sp-slide\">\r\n\t\t\t\t\t\t\t<img class=\"sp-image\" alt=\"IMG_2681\" src=\"https:\/\/berghof-alpenblick.de\/wp-content\/plugins\/ultimate-responsive-image-slider\/assets\/css\/images\/blank.gif\" data-src=\"https:\/\/berghof-alpenblick.de\/wp-content\/uploads\/2021\/06\/IMG_2681-scaled.jpg\" \/>\r\n\r\n\t\t\t\t\t\t\t\r\n\t\t\t\t\t\t\t\t\t\t\t\t\t<\/div>\r\n\t\t\t\t\t\t\t\t\t\t\t\t<div class=\"sp-slide\">\r\n\t\t\t\t\t\t\t<img class=\"sp-image\" alt=\"IMG_2671\" src=\"https:\/\/berghof-alpenblick.de\/wp-content\/plugins\/ultimate-responsive-image-slider\/assets\/css\/images\/blank.gif\" data-src=\"https:\/\/berghof-alpenblick.de\/wp-content\/uploads\/2021\/06\/IMG_2671-scaled.jpg\" \/>\r\n\r\n\t\t\t\t\t\t\t\r\n\t\t\t\t\t\t\t\t\t\t\t\t\t<\/div>\r\n\t\t\t\t\t\t\t\t\t\t\t\t<div class=\"sp-slide\">\r\n\t\t\t\t\t\t\t<img class=\"sp-image\" alt=\"IMG_2692\" src=\"https:\/\/berghof-alpenblick.de\/wp-content\/plugins\/ultimate-responsive-image-slider\/assets\/css\/images\/blank.gif\" data-src=\"https:\/\/berghof-alpenblick.de\/wp-content\/uploads\/2021\/06\/IMG_2692-scaled.jpg\" \/>\r\n\r\n\t\t\t\t\t\t\t\r\n\t\t\t\t\t\t\t\t\t\t\t\t\t<\/div>\r\n\t\t\t\t\t\t\t\t\t<\/div>\r\n\t\t\t\r\n\t\t\t<!---- slides div end ---->\r\n\t\t\t\t\t\t<!-- slides thumbnails div start -->\r\n\t\t\t<div class=\"sp-thumbnails\">\r\n\t\t\t\t\t\t\t\t\t\t<img class=\"sp-thumbnail\" src=\"https:\/\/berghof-alpenblick.de\/wp-content\/plugins\/ultimate-responsive-image-slider\/assets\/img\/loading.gif\" data-src=\"https:\/\/berghof-alpenblick.de\/wp-content\/uploads\/2021\/05\/IMG_1517_1-300x200.jpg\" alt=\"IMG_1517_1\"\/>\r\n\t\t\t\t\t\t\t\t\t\t\t<img class=\"sp-thumbnail\" src=\"https:\/\/berghof-alpenblick.de\/wp-content\/plugins\/ultimate-responsive-image-slider\/assets\/img\/loading.gif\" data-src=\"https:\/\/berghof-alpenblick.de\/wp-content\/uploads\/2021\/05\/IMG_1453_1-300x200.jpg\" alt=\"IMG_1453_1\"\/>\r\n\t\t\t\t\t\t\t\t\t\t\t<img class=\"sp-thumbnail\" src=\"https:\/\/berghof-alpenblick.de\/wp-content\/plugins\/ultimate-responsive-image-slider\/assets\/img\/loading.gif\" data-src=\"https:\/\/berghof-alpenblick.de\/wp-content\/uploads\/2021\/05\/IMG_0609_1-300x200.jpg\" alt=\"IMG_0609_1\"\/>\r\n\t\t\t\t\t\t\t\t\t\t\t<img class=\"sp-thumbnail\" src=\"https:\/\/berghof-alpenblick.de\/wp-content\/plugins\/ultimate-responsive-image-slider\/assets\/img\/loading.gif\" data-src=\"https:\/\/berghof-alpenblick.de\/wp-content\/uploads\/2021\/06\/IMG_0145-300x200.jpg\" alt=\"IMG_0145\"\/>\r\n\t\t\t\t\t\t\t\t\t\t\t<img class=\"sp-thumbnail\" src=\"https:\/\/berghof-alpenblick.de\/wp-content\/plugins\/ultimate-responsive-image-slider\/assets\/img\/loading.gif\" data-src=\"https:\/\/berghof-alpenblick.de\/wp-content\/uploads\/2021\/06\/IMG_0181-300x200.jpg\" alt=\"IMG_0181\"\/>\r\n\t\t\t\t\t\t\t\t\t\t\t<img class=\"sp-thumbnail\" src=\"https:\/\/berghof-alpenblick.de\/wp-content\/plugins\/ultimate-responsive-image-slider\/assets\/img\/loading.gif\" data-src=\"https:\/\/berghof-alpenblick.de\/wp-content\/uploads\/2021\/06\/IMG_0194-200x300.jpg\" alt=\"IMG_0194\"\/>\r\n\t\t\t\t\t\t\t\t\t\t\t<img class=\"sp-thumbnail\" src=\"https:\/\/berghof-alpenblick.de\/wp-content\/plugins\/ultimate-responsive-image-slider\/assets\/img\/loading.gif\" data-src=\"https:\/\/berghof-alpenblick.de\/wp-content\/uploads\/2021\/06\/IMG_0137-300x200.jpg\" alt=\"IMG_0137\"\/>\r\n\t\t\t\t\t\t\t\t\t\t\t<img class=\"sp-thumbnail\" src=\"https:\/\/berghof-alpenblick.de\/wp-content\/plugins\/ultimate-responsive-image-slider\/assets\/img\/loading.gif\" data-src=\"https:\/\/berghof-alpenblick.de\/wp-content\/uploads\/2021\/06\/IMG_0143-300x200.jpg\" alt=\"IMG_0143\"\/>\r\n\t\t\t\t\t\t\t\t\t\t\t<img class=\"sp-thumbnail\" src=\"https:\/\/berghof-alpenblick.de\/wp-content\/plugins\/ultimate-responsive-image-slider\/assets\/img\/loading.gif\" data-src=\"https:\/\/berghof-alpenblick.de\/wp-content\/uploads\/2021\/06\/IMG_0149-300x200.jpg\" alt=\"IMG_0149\"\/>\r\n\t\t\t\t\t\t\t\t\t\t\t<img class=\"sp-thumbnail\" src=\"https:\/\/berghof-alpenblick.de\/wp-content\/plugins\/ultimate-responsive-image-slider\/assets\/img\/loading.gif\" data-src=\"https:\/\/berghof-alpenblick.de\/wp-content\/uploads\/2021\/06\/IMG_0146-300x200.jpg\" alt=\"IMG_0146\"\/>\r\n\t\t\t\t\t\t\t\t\t\t\t<img class=\"sp-thumbnail\" src=\"https:\/\/berghof-alpenblick.de\/wp-content\/plugins\/ultimate-responsive-image-slider\/assets\/img\/loading.gif\" data-src=\"https:\/\/berghof-alpenblick.de\/wp-content\/uploads\/2021\/06\/IMG_2700-200x300.jpg\" alt=\"IMG_2700\"\/>\r\n\t\t\t\t\t\t\t\t\t\t\t<img class=\"sp-thumbnail\" src=\"https:\/\/berghof-alpenblick.de\/wp-content\/plugins\/ultimate-responsive-image-slider\/assets\/img\/loading.gif\" data-src=\"https:\/\/berghof-alpenblick.de\/wp-content\/uploads\/2021\/06\/IMG_2657-200x300.jpg\" alt=\"IMG_2657\"\/>\r\n\t\t\t\t\t\t\t\t\t\t\t<img class=\"sp-thumbnail\" src=\"https:\/\/berghof-alpenblick.de\/wp-content\/plugins\/ultimate-responsive-image-slider\/assets\/img\/loading.gif\" data-src=\"https:\/\/berghof-alpenblick.de\/wp-content\/uploads\/2021\/06\/IMG_2723-200x300.jpg\" alt=\"IMG_2723\"\/>\r\n\t\t\t\t\t\t\t\t\t\t\t<img class=\"sp-thumbnail\" src=\"https:\/\/berghof-alpenblick.de\/wp-content\/plugins\/ultimate-responsive-image-slider\/assets\/img\/loading.gif\" data-src=\"https:\/\/berghof-alpenblick.de\/wp-content\/uploads\/2021\/06\/IMG_2681-300x200.jpg\" alt=\"IMG_2681\"\/>\r\n\t\t\t\t\t\t\t\t\t\t\t<img class=\"sp-thumbnail\" src=\"https:\/\/berghof-alpenblick.de\/wp-content\/plugins\/ultimate-responsive-image-slider\/assets\/img\/loading.gif\" data-src=\"https:\/\/berghof-alpenblick.de\/wp-content\/uploads\/2021\/06\/IMG_2671-300x200.jpg\" alt=\"IMG_2671\"\/>\r\n\t\t\t\t\t\t\t\t\t\t\t<img class=\"sp-thumbnail\" src=\"https:\/\/berghof-alpenblick.de\/wp-content\/plugins\/ultimate-responsive-image-slider\/assets\/img\/loading.gif\" data-src=\"https:\/\/berghof-alpenblick.de\/wp-content\/uploads\/2021\/06\/IMG_2692-200x300.jpg\" alt=\"IMG_2692\"\/>\r\n\t\t\t\t\t\t\t\t<\/div>\r\n\t\t\t\t\t\t<!-- slides thumbnails div end -->\r\n\t\t<\/div>\r\n\n","protected":false},"excerpt":{"rendered":"<p>Herzlich willkommen im Berghof- Pension Alpenblick. Wir liegen in 900 m H\u00f6he und bieten Ihnen einen fantastischen Blick \u00fcber den&hellip;<\/p>\n","protected":false},"author":1,"featured_media":0,"parent":0,"menu_order":0,"comment_status":"closed","ping_status":"closed","template":"","meta":[],"_links":{"self":[{"href":"https:\/\/berghof-alpenblick.de\/index.php?rest_route=\/wp\/v2\/pages\/6"}],"collection":[{"href":"https:\/\/berghof-alpenblick.de\/index.php?rest_route=\/wp\/v2\/pages"}],"about":[{"href":"https:\/\/berghof-alpenblick.de\/index.php?rest_route=\/wp\/v2\/types\/page"}],"author":[{"embeddable":true,"href":"https:\/\/berghof-alpenblick.de\/index.php?rest_route=\/wp\/v2\/users\/1"}],"replies":[{"embeddable":true,"href":"https:\/\/berghof-alpenblick.de\/index.php?rest_route=%2Fwp%2Fv2%2Fcomments&post=6"}],"version-history":[{"count":109,"href":"https:\/\/berghof-alpenblick.de\/index.php?rest_route=\/wp\/v2\/pages\/6\/revisions"}],"predecessor-version":[{"id":1095,"href":"https:\/\/berghof-alpenblick.de\/index.php?rest_route=\/wp\/v2\/pages\/6\/revisions\/1095"}],"wp:attachment":[{"href":"https:\/\/berghof-alpenblick.de\/index.php?rest_route=%2Fwp%2Fv2%2Fmedia&parent=6"}],"curies":[{"name":"wp","href":"https:\/\/api.w.org\/{rel}","templated":true}]}}